{"id":6731,"date":"2022-12-02T16:51:07","date_gmt":"2022-12-02T16:51:07","guid":{"rendered":"https:\/\/archiutti.it\/prodotto\/table-de-direction\/"},"modified":"2023-03-29T12:25:44","modified_gmt":"2023-03-29T12:25:44","slug":"table-de-direction-darch","status":"publish","type":"product","link":"https:\/\/archiutti.it\/fr\/produit\/table-de-direction-darch\/","title":{"rendered":"Table de direction"},"content":{"rendered":"<p>Une \u00e9l\u00e9gante gamme ex\u00e9cutive r\u00e9alis\u00e9e avec des profils en aluminium et des panneaux en mat\u00e9riaux pr\u00e9cieux, qui se poursuivent tout au long de la gamme, composant un syst\u00e8me de meubles de service et de boiseries. Les \u00e9tag\u00e8res en aluminium composent un mobilier de service l\u00e9ger et raffin\u00e9, et le pied devient un \u00e9l\u00e9ment porteur des biblioth\u00e8ques.<\/p>\n","protected":false},"excerpt":{"rendered":"<p>Une \u00e9l\u00e9gante gamme ex\u00e9cutive r\u00e9alis\u00e9e avec des profils en aluminium et des panneaux en mat\u00e9riaux pr\u00e9cieux, qui se poursuivent tout au long de la gamme, composant un syst\u00e8me de meubles de service et de boiseries. Les \u00e9tag\u00e8res en aluminium composent un mobilier de service l\u00e9ger et raffin\u00e9, et le pied devient un \u00e9l\u00e9ment porteur des [&hellip;]<\/p>\n","protected":false},"featured_media":5378,"comment_status":"closed","ping_status":"closed","template":"","meta":[],"product_brand":[],"product_cat":[181,183],"product_tag":[],"class_list":{"0":"post-6731","1":"product","2":"type-product","3":"status-publish","4":"has-post-thumbnail","6":"product_cat-tables-fr","7":"product_cat-tables-de-direction","9":"first","10":"instock","11":"shipping-taxable","12":"product-type-simple"},"acf":[],"_links":{"self":[{"href":"https:\/\/archiutti.it\/fr\/wp-json\/wp\/v2\/product\/6731","targetHints":{"allow":["GET"]}}],"collection":[{"href":"https:\/\/archiutti.it\/fr\/wp-json\/wp\/v2\/product"}],"about":[{"href":"https:\/\/archiutti.it\/fr\/wp-json\/wp\/v2\/types\/product"}],"replies":[{"embeddable":true,"href":"https:\/\/archiutti.it\/fr\/wp-json\/wp\/v2\/comments?post=6731"}],"wp:featuredmedia":[{"embeddable":true,"href":"https:\/\/archiutti.it\/fr\/wp-json\/wp\/v2\/media\/5378"}],"wp:attachment":[{"href":"https:\/\/archiutti.it\/fr\/wp-json\/wp\/v2\/media?parent=6731"}],"wp:term":[{"taxonomy":"product_brand","embeddable":true,"href":"https:\/\/archiutti.it\/fr\/wp-json\/wp\/v2\/product_brand?post=6731"},{"taxonomy":"product_cat","embeddable":true,"href":"https:\/\/archiutti.it\/fr\/wp-json\/wp\/v2\/product_cat?post=6731"},{"taxonomy":"product_tag","embeddable":true,"href":"https:\/\/archiutti.it\/fr\/wp-json\/wp\/v2\/product_tag?post=6731"}],"curies":[{"name":"wp","href":"https:\/\/api.w.org\/{rel}","templated":true}]}}